{"id":882,"date":"2026-03-11T12:21:39","date_gmt":"2026-03-11T12:21:39","guid":{"rendered":"https:\/\/www.buergerbuero-energiewende.de\/?page_id=882"},"modified":"2026-03-11T12:36:07","modified_gmt":"2026-03-11T12:36:07","slug":"faq","status":"publish","type":"page","link":"https:\/\/www.buergerbuero-energiewende.de\/?page_id=882","title":{"rendered":"FAQ"},"content":{"rendered":"<p>[et_pb_section fb_built=&#8220;1&#8243; _builder_version=&#8220;4.27.0&#8243; _module_preset=&#8220;default&#8220; custom_margin_tablet=&#8220;&#8220; custom_margin_phone=&#8220;|||60px|false|false&#8220; custom_margin_last_edited=&#8220;on|phone&#8220; global_colors_info=&#8220;{}&#8220;][et_pb_row _builder_version=&#8220;4.27.0&#8243; _module_preset=&#8220;default&#8220; width=&#8220;92.1%&#8220; custom_margin=&#8220;||||false|false&#8220; custom_margin_tablet=&#8220;||||false|false&#8220; custom_margin_phone=&#8220;|||-28px|false|false&#8220; custom_margin_last_edited=&#8220;on|desktop&#8220; global_colors_info=&#8220;{}&#8220;][et_pb_column type=&#8220;4_4&#8243; _builder_version=&#8220;4.24.2&#8243; _module_preset=&#8220;default&#8220; global_colors_info=&#8220;{}&#8220;][et_pb_text _builder_version=&#8220;4.27.0&#8243; _module_preset=&#8220;default&#8220; text_font_size=&#8220;20px&#8220; text_line_height=&#8220;1.4em&#8220; header_font=&#8220;Barlow Condensed|600|||||||&#8220; header_text_color=&#8220;#314C93&#8243; header_font_size=&#8220;38px&#8220; header_line_height=&#8220;1.2em&#8220; background_color=&#8220;RGBA(255,255,255,0)&#8220; width=&#8220;91.4%&#8220; custom_margin=&#8220;|-664px||||&#8220; text_font_size_tablet=&#8220;20px&#8220; text_font_size_phone=&#8220;14px&#8220; text_font_size_last_edited=&#8220;on|phone&#8220; header_font_size_tablet=&#8220;38px&#8220; header_font_size_phone=&#8220;24px&#8220; header_font_size_last_edited=&#8220;on|phone&#8220; global_colors_info=&#8220;{}&#8220;]<\/p>\n<h1 style=\"text-align: left;\">Fragen &amp; Antworten<strong><br \/><\/strong><\/h1>\n<p><strong><\/strong><\/p>\n<p>Hier finden Sie Antworten auf h\u00e4ufig gestellte Fragen zu verschiedenen Themen rund um die Juraleitung <span data-contrast=\"auto\">zwischen Winkelhaid und Burgthann<\/span>.<\/p>\n<p>&nbsp;<\/p>\n<p>[\/et_pb_text][\/et_pb_column][\/et_pb_row][et_pb_row column_structure=&#8220;1_4,1_4,1_4,1_4&#8243; _builder_version=&#8220;4.27.0&#8243; _module_preset=&#8220;default&#8220; width=&#8220;100%&#8220; custom_margin_tablet=&#8220;&#8220; custom_margin_phone=&#8220;|||-28px|false|false&#8220; custom_margin_last_edited=&#8220;on|phone&#8220; global_colors_info=&#8220;{}&#8220;][et_pb_column type=&#8220;1_4&#8243; _builder_version=&#8220;4.27.0&#8243; _module_preset=&#8220;default&#8220; background_color=&#8220;RGBA(255,255,255,0)&#8220; background_enable_image=&#8220;off&#8220; global_colors_info=&#8220;{}&#8220;][et_pb_image src=&#8220;https:\/\/www.buergerbuero-energiewende.de\/wp-content\/uploads\/2024\/08\/A070_a-ost.jpg&#8220; title_text=&#8220;A070_a-ost&#8220; _builder_version=&#8220;4.27.0&#8243; _module_preset=&#8220;default&#8220; global_colors_info=&#8220;{}&#8220;][\/et_pb_image][et_pb_button button_url=&#8220;@ET-DC@eyJkeW5hbWljIjp0cnVlLCJjb250ZW50IjoicG9zdF9saW5rX3VybF9wYWdlIiwic2V0dGluZ3MiOnsicG9zdF9pZCI6IjExNSJ9fQ==@&#8220; button_text=&#8220;Abschnitt A-Ost Juraleitung&#8220; button_alignment=&#8220;center&#8220; _builder_version=&#8220;4.27.0&#8243; _dynamic_attributes=&#8220;button_url&#8220; _module_preset=&#8220;default&#8220; custom_button=&#8220;on&#8220; button_text_size=&#8220;15px&#8220; button_text_color=&#8220;#FFFFFF&#8220; button_bg_color=&#8220;#7FA2C4&#8243; custom_margin=&#8220;||36px|||&#8220; global_colors_info=&#8220;{}&#8220;][\/et_pb_button][\/et_pb_column][et_pb_column type=&#8220;1_4&#8243; _builder_version=&#8220;4.27.0&#8243; _module_preset=&#8220;default&#8220; global_colors_info=&#8220;{}&#8220;][et_pb_image src=&#8220;https:\/\/www.buergerbuero-energiewende.de\/wp-content\/uploads\/2024\/08\/A070_Knotenpunkt-Ludersheim.jpg&#8220; title_text=&#8220;A070_Knotenpunkt Ludersheim&#8220; _builder_version=&#8220;4.27.0&#8243; _module_preset=&#8220;default&#8220; global_colors_info=&#8220;{}&#8220;][\/et_pb_image][et_pb_button button_url=&#8220;@ET-DC@eyJkeW5hbWljIjp0cnVlLCJjb250ZW50IjoicG9zdF9saW5rX3VybF9wYWdlIiwic2V0dGluZ3MiOnsicG9zdF9pZCI6IjIyMyJ9fQ==@&#8220; button_text=&#8220;Energie-Knotenpunkt Ludersheim&#8220; button_alignment=&#8220;center&#8220; _builder_version=&#8220;4.27.0&#8243; _dynamic_attributes=&#8220;button_url&#8220; _module_preset=&#8220;default&#8220; custom_button=&#8220;on&#8220; button_text_size=&#8220;15px&#8220; button_text_color=&#8220;#FFFFFF&#8220; button_bg_color=&#8220;#7FA2C4&#8243; custom_margin=&#8220;||36px|||&#8220; global_colors_info=&#8220;{}&#8220;][\/et_pb_button][\/et_pb_column][et_pb_column type=&#8220;1_4&#8243; _builder_version=&#8220;4.27.0&#8243; _module_preset=&#8220;default&#8220; global_colors_info=&#8220;{}&#8220;][et_pb_image src=&#8220;https:\/\/www.buergerbuero-energiewende.de\/wp-content\/uploads\/2024\/08\/A070_ortsteil-winkelhaid-1.jpg&#8220; title_text=&#8220;A070_ortsteil-winkelhaid&#8220; _builder_version=&#8220;4.27.0&#8243; _module_preset=&#8220;default&#8220; global_colors_info=&#8220;{}&#8220;][\/et_pb_image][et_pb_button button_url=&#8220;@ET-DC@eyJkeW5hbWljIjp0cnVlLCJjb250ZW50IjoicG9zdF9saW5rX3VybF9wYWdlIiwic2V0dGluZ3MiOnsicG9zdF9pZCI6IjIzNCJ9fQ==@&#8220; button_text=&#8220;Blickpunkt Ortsteil Winkelhaid&#8220; button_alignment=&#8220;center&#8220; _builder_version=&#8220;4.27.0&#8243; _dynamic_attributes=&#8220;button_url&#8220; _module_preset=&#8220;default&#8220; custom_button=&#8220;on&#8220; button_text_size=&#8220;15px&#8220; button_text_color=&#8220;#FFFFFF&#8220; button_bg_color=&#8220;#7FA2C4&#8243; custom_margin=&#8220;||36px|||&#8220; global_colors_info=&#8220;{}&#8220;][\/et_pb_button][\/et_pb_column][et_pb_column type=&#8220;1_4&#8243; _builder_version=&#8220;4.27.0&#8243; _module_preset=&#8220;default&#8220; global_colors_info=&#8220;{}&#8220;][et_pb_image src=&#8220;https:\/\/www.buergerbuero-energiewende.de\/wp-content\/uploads\/2024\/08\/A070_genehmigungsverfahren.jpg&#8220; title_text=&#8220;A070_genehmigungsverfahren&#8220; _builder_version=&#8220;4.27.0&#8243; _module_preset=&#8220;default&#8220; global_colors_info=&#8220;{}&#8220;][\/et_pb_image][et_pb_button button_url=&#8220;@ET-DC@eyJkeW5hbWljIjp0cnVlLCJjb250ZW50IjoicG9zdF9saW5rX3VybF9wYWdlIiwic2V0dGluZ3MiOnsicG9zdF9pZCI6IjIzOCJ9fQ==@&#8220; button_text=&#8220;Hintergr\u00fcnde zum Genehmigungsverfahren&#8220; button_alignment=&#8220;center&#8220; _builder_version=&#8220;4.27.0&#8243; _dynamic_attributes=&#8220;button_url&#8220; _module_preset=&#8220;default&#8220; custom_button=&#8220;on&#8220; button_text_size=&#8220;15px&#8220; button_text_color=&#8220;#FFFFFF&#8220; button_bg_color=&#8220;#7FA2C4&#8243; custom_margin=&#8220;||36px|||&#8220; global_colors_info=&#8220;{}&#8220;][\/et_pb_button][\/et_pb_column][\/et_pb_row][et_pb_row column_structure=&#8220;1_4,1_4,1_4,1_4&#8243; _builder_version=&#8220;4.27.0&#8243; _module_preset=&#8220;default&#8220; width=&#8220;100%&#8220; custom_margin_tablet=&#8220;&#8220; custom_margin_phone=&#8220;|||-28px|false|false&#8220; custom_margin_last_edited=&#8220;on|phone&#8220; custom_padding=&#8220;||0px|||&#8220; global_colors_info=&#8220;{}&#8220;][et_pb_column type=&#8220;1_4&#8243; _builder_version=&#8220;4.27.0&#8243; _module_preset=&#8220;default&#8220; global_colors_info=&#8220;{}&#8220;][et_pb_image src=&#8220;https:\/\/www.buergerbuero-energiewende.de\/wp-content\/uploads\/2024\/08\/A070_freileitung-vs-erdkabel.jpg&#8220; title_text=&#8220;A070_freileitung-vs-erdkabel&#8220; _builder_version=&#8220;4.27.0&#8243; _module_preset=&#8220;default&#8220; global_colors_info=&#8220;{}&#8220;][\/et_pb_image][et_pb_button button_url=&#8220;@ET-DC@eyJkeW5hbWljIjp0cnVlLCJjb250ZW50IjoicG9zdF9saW5rX3VybF9wYWdlIiwic2V0dGluZ3MiOnsicG9zdF9pZCI6IjI0NCJ9fQ==@&#8220; button_text=&#8220;Freileitung vs. Erdkabel \u2013 Aktueller Planungsstand&#8220; button_alignment=&#8220;center&#8220; _builder_version=&#8220;4.27.0&#8243; _dynamic_attributes=&#8220;button_url&#8220; _module_preset=&#8220;default&#8220; custom_button=&#8220;on&#8220; button_text_size=&#8220;15px&#8220; button_text_color=&#8220;#FFFFFF&#8220; button_bg_color=&#8220;#7FA2C4&#8243; custom_margin=&#8220;||36px|||&#8220; global_colors_info=&#8220;{}&#8220;][\/et_pb_button][\/et_pb_column][et_pb_column type=&#8220;1_4&#8243; _builder_version=&#8220;4.27.0&#8243; _module_preset=&#8220;default&#8220; global_colors_info=&#8220;{}&#8220;][et_pb_image src=&#8220;https:\/\/www.buergerbuero-energiewende.de\/wp-content\/uploads\/2024\/08\/A070_geraeuschentwicklung.jpg&#8220; title_text=&#8220;A070_geraeuschentwicklung&#8220; _builder_version=&#8220;4.27.0&#8243; _module_preset=&#8220;default&#8220; global_colors_info=&#8220;{}&#8220;][\/et_pb_image][et_pb_button button_url=&#8220;@ET-DC@eyJkeW5hbWljIjp0cnVlLCJjb250ZW50IjoicG9zdF9saW5rX3VybF9wYWdlIiwic2V0dGluZ3MiOnsicG9zdF9pZCI6IjI1OSJ9fQ==@&#8220; button_text=&#8220;Technische Hintergr\u00fcnde wie Ger\u00e4uschentwicklung&#8220; button_alignment=&#8220;center&#8220; _builder_version=&#8220;4.27.0&#8243; _dynamic_attributes=&#8220;button_url&#8220; _module_preset=&#8220;default&#8220; custom_button=&#8220;on&#8220; button_text_size=&#8220;15px&#8220; button_text_color=&#8220;#FFFFFF&#8220; button_bg_color=&#8220;#7FA2C4&#8243; custom_margin=&#8220;||36px|||&#8220; global_colors_info=&#8220;{}&#8220;][\/et_pb_button][\/et_pb_column][et_pb_column type=&#8220;1_4&#8243; _builder_version=&#8220;4.27.0&#8243; _module_preset=&#8220;default&#8220; global_colors_info=&#8220;{}&#8220;][et_pb_image src=&#8220;https:\/\/www.buergerbuero-energiewende.de\/wp-content\/uploads\/2024\/08\/A070_gesundheit.jpg&#8220; title_text=&#8220;A070_gesundheit&#8220; _builder_version=&#8220;4.27.0&#8243; _module_preset=&#8220;default&#8220; global_colors_info=&#8220;{}&#8220;][\/et_pb_image][et_pb_button button_url=&#8220;@ET-DC@eyJkeW5hbWljIjp0cnVlLCJjb250ZW50IjoicG9zdF9saW5rX3VybF9wYWdlIiwic2V0dGluZ3MiOnsicG9zdF9pZCI6IjUxNSJ9fQ==@&#8220; button_text=&#8220;Elektrische und magnetische Felder&#8220; button_alignment=&#8220;center&#8220; _builder_version=&#8220;4.27.0&#8243; _dynamic_attributes=&#8220;button_url&#8220; _module_preset=&#8220;default&#8220; custom_button=&#8220;on&#8220; button_text_size=&#8220;15px&#8220; button_text_color=&#8220;#FFFFFF&#8220; button_bg_color=&#8220;#7FA2C4&#8243; global_colors_info=&#8220;{}&#8220;][\/et_pb_button][\/et_pb_column][et_pb_column type=&#8220;1_4&#8243; _builder_version=&#8220;4.27.0&#8243; _module_preset=&#8220;default&#8220; global_colors_info=&#8220;{}&#8220;][et_pb_image src=&#8220;https:\/\/www.buergerbuero-energiewende.de\/wp-content\/uploads\/2025\/04\/A070_waldeingriff.jpg&#8220; title_text=&#8220;A070_waldeingriff&#8220; _builder_version=&#8220;4.27.0&#8243; _module_preset=&#8220;default&#8220; global_colors_info=&#8220;{}&#8220;][\/et_pb_image][et_pb_button button_url=&#8220;@ET-DC@eyJkeW5hbWljIjp0cnVlLCJjb250ZW50IjoicG9zdF9saW5rX3VybF9wYWdlIiwic2V0dGluZ3MiOnsicG9zdF9pZCI6IjY4MiJ9fQ==@&#8220; button_text=&#8220;Waldeingriffe im Abschnitt A-Ost&#8220; button_alignment=&#8220;center&#8220; _builder_version=&#8220;4.27.0&#8243; _dynamic_attributes=&#8220;button_url&#8220; _module_preset=&#8220;default&#8220; custom_button=&#8220;on&#8220; button_text_size=&#8220;15px&#8220; button_text_color=&#8220;#FFFFFF&#8220; button_bg_color=&#8220;#7FA2C4&#8243; global_colors_info=&#8220;{}&#8220;][\/et_pb_button][\/et_pb_column][\/et_pb_row][\/et_pb_section][et_pb_section fb_built=&#8220;1&#8243; padding_2_tablet=&#8220;60px|50px|60px|50px|true|true&#8220; admin_label=&#8220;Footer&#8220; _builder_version=&#8220;4.27.0&#8243; background_color=&#8220;#3550a0&#8243; saved_tabs=&#8220;all&#8220; global_colors_info=&#8220;{}&#8220;][et_pb_row column_structure=&#8220;1_2,1_2&#8243; _builder_version=&#8220;4.27.0&#8243; _module_preset=&#8220;default&#8220; global_colors_info=&#8220;{}&#8220;][et_pb_column type=&#8220;1_2&#8243; _builder_version=&#8220;4.27.0&#8243; _module_preset=&#8220;default&#8220; global_colors_info=&#8220;{}&#8220;][et_pb_heading title=&#8220;Kontakt Team B\u00fcrgerb\u00fcro&#8220; _builder_version=&#8220;4.27.0&#8243; _module_preset=&#8220;default&#8220; title_text_color=&#8220;#FFFFFF&#8220; global_colors_info=&#8220;{}&#8220;][\/et_pb_heading][et_pb_text _builder_version=&#8220;4.27.0&#8243; _module_preset=&#8220;default&#8220; text_text_color=&#8220;#FFFFFF&#8220; global_colors_info=&#8220;{}&#8220;]<\/p>\n<p><strong>Aktuelles finden Sie weiterhin unter:<\/strong><br \/><a href=\"https:\/\/www.buergerbuero-energiewende.de\/\">https:\/\/www.buergerbuero-energiewende.de\/<\/a><\/p>\n<p><strong>Telefon<\/strong><br \/>09187 &#8211; 706 99 71<\/p>\n<p><strong>Mail<\/strong><br \/><a href=\"mailto:info@buergerbuero-energiewende.de\">info@buergerbuero-energiewende.de<\/a><\/p>\n<p>[\/et_pb_text][\/et_pb_column][et_pb_column type=&#8220;1_2&#8243; _builder_version=&#8220;4.27.0&#8243; _module_preset=&#8220;default&#8220; global_colors_info=&#8220;{}&#8220;][et_pb_heading title=&#8220;Vor Ort ab November 2025&#8243; _builder_version=&#8220;4.27.0&#8243; _module_preset=&#8220;default&#8220; title_text_color=&#8220;#FFFFFF&#8220; global_colors_info=&#8220;{}&#8220;][\/et_pb_heading][et_pb_text _builder_version=&#8220;4.27.0&#8243; _module_preset=&#8220;default&#8220; text_text_color=&#8220;#FFFFFF&#8220; global_colors_info=&#8220;{}&#8220;]<\/p>\n<p><b>Adresse<br \/><\/b>Juraleitungsinformationzentrum (JULIZ)<br \/>Neuseser Stra\u00dfe 24, 90455 N\u00fcrnberg-Katzwang<\/p>\n<p><strong>Telefon<\/strong><br \/>09122 &#8211; 8792164<\/p>\n<p><strong>Mail<\/strong><br \/><a href=\"mailto:juliz@tennet.eu\">juliz@tennet.eu<\/a><\/p>\n<p>[\/et_pb_text][\/et_pb_column][\/et_pb_row][\/et_pb_section]<\/p>\n","protected":false},"excerpt":{"rendered":"<p>Fragen &amp; Antworten Hier finden Sie Antworten auf h\u00e4ufig gestellte Fragen zu verschiedenen Themen rund um die Juraleitung zwischen Winkelhaid und Burgthann. &nbsp;Aktuelles finden Sie weiterhin unter:https:\/\/www.buergerbuero-energiewende.de\/ Telefon09187 &#8211; 706 99 71 Mailinfo@buergerbuero-energiewende.deAdresseJuraleitungsinformationzentrum (JULIZ)Neuseser Stra\u00dfe 24, 90455 N\u00fcrnberg-Katzwang Telefon09122 &#8211; 8792164 Mailjuliz@tennet.eu<\/p>\n","protected":false},"author":1,"featured_media":0,"parent":0,"menu_order":0,"comment_status":"closed","ping_status":"closed","template":"","meta":{"_et_pb_use_builder":"on","_et_pb_old_content":"","_et_gb_content_width":"","footnotes":""},"class_list":["post-882","page","type-page","status-publish","hentry"],"yoast_head":"<!-- This site is optimized with the Yoast SEO plugin v27.0 - https:\/\/yoast.com\/product\/yoast-seo-wordpress\/ -->\n<title>FAQ - B\u00fcrgerb\u00fcro Energiewende Altdorf<\/title>\n<meta name=\"robots\" content=\"index, follow, max-snippet:-1, max-image-preview:large, max-video-preview:-1\" \/>\n<link rel=\"canonical\" href=\"https:\/\/www.buergerbuero-energiewende.de\/?page_id=882\" \/>\n<meta property=\"og:locale\" content=\"de_DE\" \/>\n<meta property=\"og:type\" content=\"article\" \/>\n<meta property=\"og:title\" content=\"FAQ - B\u00fcrgerb\u00fcro Energiewende Altdorf\" \/>\n<meta property=\"og:description\" content=\"Fragen &amp; Antworten Hier finden Sie Antworten auf h\u00e4ufig gestellte Fragen zu verschiedenen Themen rund um die Juraleitung zwischen Winkelhaid und Burgthann. &nbsp;Aktuelles finden Sie weiterhin unter:https:\/\/www.buergerbuero-energiewende.de\/ Telefon09187 - 706 99 71 Mailinfo@buergerbuero-energiewende.deAdresseJuraleitungsinformationzentrum (JULIZ)Neuseser Stra\u00dfe 24, 90455 N\u00fcrnberg-Katzwang Telefon09122 - 8792164 Mailjuliz@tennet.eu\" \/>\n<meta property=\"og:url\" content=\"https:\/\/www.buergerbuero-energiewende.de\/?page_id=882\" \/>\n<meta property=\"og:site_name\" content=\"B\u00fcrgerb\u00fcro Energiewende Altdorf\" \/>\n<meta property=\"article:modified_time\" content=\"2026-03-11T12:36:07+00:00\" \/>\n<meta name=\"twitter:card\" content=\"summary_large_image\" \/>\n<script type=\"application\/ld+json\" class=\"yoast-schema-graph\">{\"@context\":\"https:\/\/schema.org\",\"@graph\":[{\"@type\":\"WebPage\",\"@id\":\"https:\/\/www.buergerbuero-energiewende.de\/?page_id=882\",\"url\":\"https:\/\/www.buergerbuero-energiewende.de\/?page_id=882\",\"name\":\"FAQ - B\u00fcrgerb\u00fcro Energiewende Altdorf\",\"isPartOf\":{\"@id\":\"https:\/\/www.buergerbuero-energiewende.de\/#website\"},\"datePublished\":\"2026-03-11T12:21:39+00:00\",\"dateModified\":\"2026-03-11T12:36:07+00:00\",\"breadcrumb\":{\"@id\":\"https:\/\/www.buergerbuero-energiewende.de\/?page_id=882#breadcrumb\"},\"inLanguage\":\"de\",\"potentialAction\":[{\"@type\":\"ReadAction\",\"target\":[\"https:\/\/www.buergerbuero-energiewende.de\/?page_id=882\"]}]},{\"@type\":\"BreadcrumbList\",\"@id\":\"https:\/\/www.buergerbuero-energiewende.de\/?page_id=882#breadcrumb\",\"itemListElement\":[{\"@type\":\"ListItem\",\"position\":1,\"name\":\"Startseite\",\"item\":\"https:\/\/www.buergerbuero-energiewende.de\/\"},{\"@type\":\"ListItem\",\"position\":2,\"name\":\"FAQ\"}]},{\"@type\":\"WebSite\",\"@id\":\"https:\/\/www.buergerbuero-energiewende.de\/#website\",\"url\":\"https:\/\/www.buergerbuero-energiewende.de\/\",\"name\":\"B\u00fcrgerb\u00fcro Energiewende Altdorf\",\"description\":\"\",\"potentialAction\":[{\"@type\":\"SearchAction\",\"target\":{\"@type\":\"EntryPoint\",\"urlTemplate\":\"https:\/\/www.buergerbuero-energiewende.de\/?s={search_term_string}\"},\"query-input\":{\"@type\":\"PropertyValueSpecification\",\"valueRequired\":true,\"valueName\":\"search_term_string\"}}],\"inLanguage\":\"de\"}]}<\/script>\n<!-- \/ Yoast SEO plugin. -->","yoast_head_json":{"title":"FAQ - B\u00fcrgerb\u00fcro Energiewende Altdorf","robots":{"index":"index","follow":"follow","max-snippet":"max-snippet:-1","max-image-preview":"max-image-preview:large","max-video-preview":"max-video-preview:-1"},"canonical":"https:\/\/www.buergerbuero-energiewende.de\/?page_id=882","og_locale":"de_DE","og_type":"article","og_title":"FAQ - B\u00fcrgerb\u00fcro Energiewende Altdorf","og_description":"Fragen &amp; Antworten Hier finden Sie Antworten auf h\u00e4ufig gestellte Fragen zu verschiedenen Themen rund um die Juraleitung zwischen Winkelhaid und Burgthann. &nbsp;Aktuelles finden Sie weiterhin unter:https:\/\/www.buergerbuero-energiewende.de\/ Telefon09187 - 706 99 71 Mailinfo@buergerbuero-energiewende.deAdresseJuraleitungsinformationzentrum (JULIZ)Neuseser Stra\u00dfe 24, 90455 N\u00fcrnberg-Katzwang Telefon09122 - 8792164 Mailjuliz@tennet.eu","og_url":"https:\/\/www.buergerbuero-energiewende.de\/?page_id=882","og_site_name":"B\u00fcrgerb\u00fcro Energiewende Altdorf","article_modified_time":"2026-03-11T12:36:07+00:00","twitter_card":"summary_large_image","schema":{"@context":"https:\/\/schema.org","@graph":[{"@type":"WebPage","@id":"https:\/\/www.buergerbuero-energiewende.de\/?page_id=882","url":"https:\/\/www.buergerbuero-energiewende.de\/?page_id=882","name":"FAQ - B\u00fcrgerb\u00fcro Energiewende Altdorf","isPartOf":{"@id":"https:\/\/www.buergerbuero-energiewende.de\/#website"},"datePublished":"2026-03-11T12:21:39+00:00","dateModified":"2026-03-11T12:36:07+00:00","breadcrumb":{"@id":"https:\/\/www.buergerbuero-energiewende.de\/?page_id=882#breadcrumb"},"inLanguage":"de","potentialAction":[{"@type":"ReadAction","target":["https:\/\/www.buergerbuero-energiewende.de\/?page_id=882"]}]},{"@type":"BreadcrumbList","@id":"https:\/\/www.buergerbuero-energiewende.de\/?page_id=882#breadcrumb","itemListElement":[{"@type":"ListItem","position":1,"name":"Startseite","item":"https:\/\/www.buergerbuero-energiewende.de\/"},{"@type":"ListItem","position":2,"name":"FAQ"}]},{"@type":"WebSite","@id":"https:\/\/www.buergerbuero-energiewende.de\/#website","url":"https:\/\/www.buergerbuero-energiewende.de\/","name":"B\u00fcrgerb\u00fcro Energiewende Altdorf","description":"","potentialAction":[{"@type":"SearchAction","target":{"@type":"EntryPoint","urlTemplate":"https:\/\/www.buergerbuero-energiewende.de\/?s={search_term_string}"},"query-input":{"@type":"PropertyValueSpecification","valueRequired":true,"valueName":"search_term_string"}}],"inLanguage":"de"}]}},"publishpress_future_action":{"enabled":false,"date":"2026-05-03 14:12:05","action":"change-status","newStatus":"draft","terms":[],"taxonomy":"","extraData":[]},"publishpress_future_workflow_manual_trigger":{"enabledWorkflows":[]},"_links":{"self":[{"href":"https:\/\/www.buergerbuero-energiewende.de\/index.php?rest_route=\/wp\/v2\/pages\/882","targetHints":{"allow":["GET"]}}],"collection":[{"href":"https:\/\/www.buergerbuero-energiewende.de\/index.php?rest_route=\/wp\/v2\/pages"}],"about":[{"href":"https:\/\/www.buergerbuero-energiewende.de\/index.php?rest_route=\/wp\/v2\/types\/page"}],"author":[{"embeddable":true,"href":"https:\/\/www.buergerbuero-energiewende.de\/index.php?rest_route=\/wp\/v2\/users\/1"}],"replies":[{"embeddable":true,"href":"https:\/\/www.buergerbuero-energiewende.de\/index.php?rest_route=%2Fwp%2Fv2%2Fcomments&post=882"}],"version-history":[{"count":5,"href":"https:\/\/www.buergerbuero-energiewende.de\/index.php?rest_route=\/wp\/v2\/pages\/882\/revisions"}],"predecessor-version":[{"id":916,"href":"https:\/\/www.buergerbuero-energiewende.de\/index.php?rest_route=\/wp\/v2\/pages\/882\/revisions\/916"}],"wp:attachment":[{"href":"https:\/\/www.buergerbuero-energiewende.de\/index.php?rest_route=%2Fwp%2Fv2%2Fmedia&parent=882"}],"curies":[{"name":"wp","href":"https:\/\/api.w.org\/{rel}","templated":true}]}}