{"id":313,"date":"2024-09-03T08:15:31","date_gmt":"2024-09-03T08:15:31","guid":{"rendered":"https:\/\/www.buergerbuero-energiewende.de\/?page_id=313"},"modified":"2026-03-11T12:38:17","modified_gmt":"2026-03-11T12:38:17","slug":"infomarkt-buergerdialog-stromnetz-in-burgthann","status":"publish","type":"page","link":"https:\/\/www.buergerbuero-energiewende.de\/?page_id=313","title":{"rendered":"Infomarkt B\u00fcrgerdialog Stromnetz in Burgthann"},"content":{"rendered":"<p>[et_pb_section fb_built=&#8220;1&#8243; _builder_version=&#8220;4.27.0&#8243; _module_preset=&#8220;default&#8220; custom_padding=&#8220;||73px|||&#8220; global_colors_info=&#8220;{}&#8220;][et_pb_row _builder_version=&#8220;4.27.0&#8243; _module_preset=&#8220;default&#8220; global_colors_info=&#8220;{}&#8220;][et_pb_column type=&#8220;4_4&#8243; _builder_version=&#8220;4.27.0&#8243; _module_preset=&#8220;default&#8220; global_colors_info=&#8220;{}&#8220;][et_pb_text _builder_version=&#8220;4.27.0&#8243; _module_preset=&#8220;default&#8220; text_font_size=&#8220;24px&#8220; text_line_height=&#8220;1.4em&#8220; header_font=&#8220;&#8211;et_global_heading_font|600|||||||&#8220; header_text_color=&#8220;#314C93&#8243; header_font_size=&#8220;38px&#8220; header_line_height=&#8220;1.2em&#8220; background_color=&#8220;RGBA(255,255,255,0)&#8220; width=&#8220;91.4%&#8220; custom_margin=&#8220;|-664px||||&#8220; hover_enabled=&#8220;0&#8243; global_colors_info=&#8220;{}&#8220; header_font_size_last_edited=&#8220;on|phone&#8220; sticky_enabled=&#8220;0&#8243; header_font_size_phone=&#8220;24px&#8220; header_font_size_tablet=&#8220;38px&#8220;]<\/p>\n<h1 style=\"text-align: left;\">Infomarkt B\u00fcrgerdialog Stromnetz in Burgthann &#8211;<br \/>Wohnumfeld und Gesundheitsschutz<\/h1>\n<p>[\/et_pb_text][\/et_pb_column][\/et_pb_row][et_pb_row column_structure=&#8220;2_5,3_5&#8243; _builder_version=&#8220;4.27.0&#8243; _module_preset=&#8220;default&#8220; global_colors_info=&#8220;{}&#8220;][et_pb_column type=&#8220;2_5&#8243; _builder_version=&#8220;4.27.0&#8243; _module_preset=&#8220;default&#8220; global_colors_info=&#8220;{}&#8220;][et_pb_image src=&#8220;https:\/\/www.buergerbuero-energiewende.de\/wp-content\/uploads\/2024\/09\/infomarkt-stromnetz.png&#8220; alt=&#8220;Gewitter&#8220; title_text=&#8220;infomarkt-stromnetz&#8220; _builder_version=&#8220;4.27.0&#8243; _module_preset=&#8220;default&#8220; custom_margin=&#8220;||0px|||&#8220; global_colors_info=&#8220;{}&#8220;][\/et_pb_image][et_pb_text _builder_version=&#8220;4.27.0&#8243; _module_preset=&#8220;default&#8220; text_font_size=&#8220;12px&#8220; global_colors_info=&#8220;{}&#8220;]<\/p>\n<p>Foto von Markus Spiske auf Unsplash<\/p>\n<p>[\/et_pb_text][\/et_pb_column][et_pb_column type=&#8220;3_5&#8243; _builder_version=&#8220;4.27.0&#8243; _module_preset=&#8220;default&#8220; global_colors_info=&#8220;{}&#8220;][et_pb_text _builder_version=&#8220;4.27.0&#8243; _module_preset=&#8220;default&#8220; text_text_color=&#8220;#7FA2C4&#8243; text_font_size=&#8220;18px&#8220; width=&#8220;97.2%&#8220; custom_padding=&#8220;||0px|||&#8220; hover_enabled=&#8220;0&#8243; global_colors_info=&#8220;{}&#8220; text_font_size_last_edited=&#8220;on|phone&#8220; sticky_enabled=&#8220;0&#8243; text_font_size_phone=&#8220;14px&#8220; text_font_size_tablet=&#8220;18px&#8220;]<\/p>\n<p><strong>Ein Veranstaltungsformat, das nun schon h\u00e4ufiger durchgef\u00fchrt wurde: Der B\u00fcrgerdialog Stromnetz lud zur B\u00fcrgerinformationsveranstaltung \u201eWohnumfeld- und Gesundheitsschutz\u201c ein. Dieses Veranstaltungsformat bietet B\u00fcrger:innen die Gelegenheit, sich aus erster Hand \u00fcber wichtige Themen rund um das Stromnetz und dessen Auswirkungen auf das Wohnumfeld zu informieren.\u00a0<\/strong><\/p>\n<p>[\/et_pb_text][\/et_pb_column][\/et_pb_row][et_pb_row _builder_version=&#8220;4.27.0&#8243; _module_preset=&#8220;default&#8220; global_colors_info=&#8220;{}&#8220;][et_pb_column type=&#8220;4_4&#8243; _builder_version=&#8220;4.27.0&#8243; _module_preset=&#8220;default&#8220; global_colors_info=&#8220;{}&#8220;][et_pb_text _builder_version=&#8220;4.27.0&#8243; _module_preset=&#8220;default&#8220; text_font_size=&#8220;18px&#8220; hover_enabled=&#8220;0&#8243; global_colors_info=&#8220;{}&#8220; text_font_size_last_edited=&#8220;on|phone&#8220; sticky_enabled=&#8220;0&#8243; text_font_size_phone=&#8220;14px&#8220; text_font_size_tablet=&#8220;18px&#8220;]<\/p>\n<p><span data-contrast=\"auto\">Nach einer kurzen Begr\u00fc\u00dfung hatten die Teilnehmer die M\u00f6glichkeit, sich individuell an verschiedenen Thementischen zu informieren. An jedem Tisch standen Expert:innen bereit, um spezifische Fragen zu beantworten und vertiefende Einblicke in ihre Fachgebiete zu geben.<\/span><span data-ccp-props=\"{&quot;134233117&quot;:false,&quot;134233118&quot;:false,&quot;201341983&quot;:0,&quot;335559738&quot;:240,&quot;335559739&quot;:240,&quot;335559740&quot;:279}\">\u00a0<\/span><\/p>\n<p><span data-contrast=\"auto\">Am ersten Thementisch standen Kevin Tinnes, Alena Richter und Kilian Harbauer vom B\u00fcrgerdialog Stromnetz zur Verf\u00fcgung, um allgemeine Fragen rund um das Thema Stromnetz und dessen Bedeutung zu beantworten.<\/span><span data-ccp-props=\"{&quot;134233117&quot;:false,&quot;134233118&quot;:false,&quot;201341983&quot;:0,&quot;335559738&quot;:240,&quot;335559739&quot;:240,&quot;335559740&quot;:279}\">\u00a0<\/span><\/p>\n<p><span data-contrast=\"auto\">Am zweiten Tisch gab Prof. Dr.-Ing. Matthias Wuschek, Professor an der Fakult\u00e4t Elektrotechnik und Medientechnik der TH Deggendorf sowie Mitglied der Strahlenschutzkommission, fundierte Ausk\u00fcnfte zu technischen Aspekten und zum Strahlenschutz.<\/span><span data-ccp-props=\"{&quot;134233117&quot;:false,&quot;134233118&quot;:false,&quot;201341983&quot;:0,&quot;335559738&quot;:240,&quot;335559739&quot;:240,&quot;335559740&quot;:279}\">\u00a0<\/span><\/p>\n<p><span data-contrast=\"auto\">Der dritte Thementisch wurde von Dr. Florian Kohn und seinem Team vom Bundesamt f\u00fcr Strahlenschutz betreut. Hier konnten sich die Besucher umfassend \u00fcber die Auswirkungen elektromagnetischer Felder auf die Gesundheit informieren.<\/span><span data-ccp-props=\"{&quot;134233117&quot;:false,&quot;134233118&quot;:false,&quot;201341983&quot;:0,&quot;335559738&quot;:240,&quot;335559739&quot;:240,&quot;335559740&quot;:279}\">\u00a0<\/span><\/p>\n<p><span data-contrast=\"auto\">Am vierten Tisch bot Helen Bernardi von der Tennet TSO GmbH Einblicke in die Kommunikation und die \u00f6ffentlichen Angelegenheiten des Unternehmens, insbesondere im Zusammenhang mit dem Ausbau und der Wartung von Stromnetzen.<\/span><span data-ccp-props=\"{&quot;134233117&quot;:false,&quot;134233118&quot;:false,&quot;201341983&quot;:0,&quot;335559738&quot;:240,&quot;335559739&quot;:240,&quot;335559740&quot;:279}\">\u00a0<\/span><\/p>\n<p><span data-contrast=\"auto\">Die Veranstaltung erm\u00f6glichte einen intensiven Dialog zwischen B\u00fcrger:innen und Expert:innen und hat stattgefunden am:<\/span><span data-ccp-props=\"{&quot;134233117&quot;:false,&quot;134233118&quot;:false,&quot;201341983&quot;:0,&quot;335551550&quot;:1,&quot;335551620&quot;:1,&quot;335559685&quot;:0,&quot;335559737&quot;:0,&quot;335559738&quot;:240,&quot;335559739&quot;:240,&quot;335559740&quot;:279}\">\u00a0<\/span><\/p>\n<ul>\n<li data-leveltext=\"-\" data-font=\"Aptos\" data-listid=\"1\" data-list-defn-props=\"{&quot;335552541&quot;:1,&quot;335559685&quot;:720,&quot;335559991&quot;:360,&quot;469769226&quot;:&quot;Aptos&quot;,&quot;469769242&quot;:[8226],&quot;469777803&quot;:&quot;left&quot;,&quot;469777804&quot;:&quot;-&quot;,&quot;469777815&quot;:&quot;hybridMultilevel&quot;}\" aria-setsize=\"-1\" data-aria-posinset=\"1\" data-aria-level=\"1\"><span data-contrast=\"auto\">23. Februar 2023, im B\u00fcrgerb\u00fcro Energiewender Altdorf<\/span><\/li>\n<li data-leveltext=\"-\" data-font=\"Aptos\" data-listid=\"1\" data-list-defn-props=\"{&quot;335552541&quot;:1,&quot;335559685&quot;:720,&quot;335559991&quot;:360,&quot;469769226&quot;:&quot;Aptos&quot;,&quot;469769242&quot;:[8226],&quot;469777803&quot;:&quot;left&quot;,&quot;469777804&quot;:&quot;-&quot;,&quot;469777815&quot;:&quot;hybridMultilevel&quot;}\" aria-setsize=\"-1\" data-aria-posinset=\"1\" data-aria-level=\"1\"><span data-ccp-props=\"{&quot;201341983&quot;:0,&quot;335559739&quot;:160,&quot;335559740&quot;:279}\"><\/span><span data-contrast=\"auto\">20. Juli 2023, Gasthaus \u201eZum Ludwigskanal\u201c, Burgthann<\/span><span data-ccp-props=\"{&quot;201341983&quot;:0,&quot;335559739&quot;:160,&quot;335559740&quot;:279}\">\u00a0<\/span><\/li>\n<\/ul>\n<ul><\/ul>\n<p>&nbsp;<\/p>\n<p>[\/et_pb_text][\/et_pb_column][\/et_pb_row][\/et_pb_section]<\/p>\n","protected":false},"excerpt":{"rendered":"<p>Infomarkt B\u00fcrgerdialog Stromnetz in Burgthann -Wohnumfeld und GesundheitsschutzFoto von Markus Spiske auf UnsplashEin Veranstaltungsformat, das nun schon h\u00e4ufiger durchgef\u00fchrt wurde: Der B\u00fcrgerdialog Stromnetz lud zur B\u00fcrgerinformationsveranstaltung \u201eWohnumfeld- und Gesundheitsschutz\u201c ein. Dieses Veranstaltungsformat bietet B\u00fcrger:innen die Gelegenheit, sich aus erster Hand \u00fcber wichtige Themen rund um das Stromnetz und dessen Auswirkungen auf das Wohnumfeld zu informieren.\u00a0Nach [&hellip;]<\/p>\n","protected":false},"author":1,"featured_media":0,"parent":838,"menu_order":0,"comment_status":"closed","ping_status":"closed","template":"","meta":{"_et_pb_use_builder":"on","_et_pb_old_content":"","_et_gb_content_width":"","footnotes":""},"class_list":["post-313","page","type-page","status-publish","hentry"],"yoast_head":"<!-- This site is optimized with the Yoast SEO plugin v27.0 - https:\/\/yoast.com\/product\/yoast-seo-wordpress\/ -->\n<title>Infomarkt B\u00fcrgerdialog Stromnetz in Burgthann - B\u00fcrgerb\u00fcro Energiewende Altdorf<\/title>\n<meta name=\"robots\" content=\"index, follow, max-snippet:-1, max-image-preview:large, max-video-preview:-1\" \/>\n<link rel=\"canonical\" href=\"https:\/\/www.buergerbuero-energiewende.de\/?page_id=313\" \/>\n<meta property=\"og:locale\" content=\"de_DE\" \/>\n<meta property=\"og:type\" content=\"article\" \/>\n<meta property=\"og:title\" content=\"Infomarkt B\u00fcrgerdialog Stromnetz in Burgthann - B\u00fcrgerb\u00fcro Energiewende Altdorf\" \/>\n<meta property=\"og:description\" content=\"Infomarkt B\u00fcrgerdialog Stromnetz in Burgthann -Wohnumfeld und GesundheitsschutzFoto von Markus Spiske auf UnsplashEin Veranstaltungsformat, das nun schon h\u00e4ufiger durchgef\u00fchrt wurde: Der B\u00fcrgerdialog Stromnetz lud zur B\u00fcrgerinformationsveranstaltung \u201eWohnumfeld- und Gesundheitsschutz\u201c ein. Dieses Veranstaltungsformat bietet B\u00fcrger:innen die Gelegenheit, sich aus erster Hand \u00fcber wichtige Themen rund um das Stromnetz und dessen Auswirkungen auf das Wohnumfeld zu informieren.\u00a0Nach [&hellip;]\" \/>\n<meta property=\"og:url\" content=\"https:\/\/www.buergerbuero-energiewende.de\/?page_id=313\" \/>\n<meta property=\"og:site_name\" content=\"B\u00fcrgerb\u00fcro Energiewende Altdorf\" \/>\n<meta property=\"article:modified_time\" content=\"2026-03-11T12:38:17+00:00\" \/>\n<meta name=\"twitter:card\" content=\"summary_large_image\" \/>\n<script type=\"application\/ld+json\" class=\"yoast-schema-graph\">{\"@context\":\"https:\/\/schema.org\",\"@graph\":[{\"@type\":\"WebPage\",\"@id\":\"https:\/\/www.buergerbuero-energiewende.de\/?page_id=313\",\"url\":\"https:\/\/www.buergerbuero-energiewende.de\/?page_id=313\",\"name\":\"Infomarkt B\u00fcrgerdialog Stromnetz in Burgthann - B\u00fcrgerb\u00fcro Energiewende Altdorf\",\"isPartOf\":{\"@id\":\"https:\/\/www.buergerbuero-energiewende.de\/#website\"},\"datePublished\":\"2024-09-03T08:15:31+00:00\",\"dateModified\":\"2026-03-11T12:38:17+00:00\",\"breadcrumb\":{\"@id\":\"https:\/\/www.buergerbuero-energiewende.de\/?page_id=313#breadcrumb\"},\"inLanguage\":\"de\",\"potentialAction\":[{\"@type\":\"ReadAction\",\"target\":[\"https:\/\/www.buergerbuero-energiewende.de\/?page_id=313\"]}]},{\"@type\":\"BreadcrumbList\",\"@id\":\"https:\/\/www.buergerbuero-energiewende.de\/?page_id=313#breadcrumb\",\"itemListElement\":[{\"@type\":\"ListItem\",\"position\":1,\"name\":\"Startseite\",\"item\":\"https:\/\/www.buergerbuero-energiewende.de\/\"},{\"@type\":\"ListItem\",\"position\":2,\"name\":\"Aktuelles\",\"item\":\"https:\/\/www.buergerbuero-energiewende.de\/?page_id=838\"},{\"@type\":\"ListItem\",\"position\":3,\"name\":\"Infomarkt B\u00fcrgerdialog Stromnetz in Burgthann\"}]},{\"@type\":\"WebSite\",\"@id\":\"https:\/\/www.buergerbuero-energiewende.de\/#website\",\"url\":\"https:\/\/www.buergerbuero-energiewende.de\/\",\"name\":\"B\u00fcrgerb\u00fcro Energiewende Altdorf\",\"description\":\"\",\"potentialAction\":[{\"@type\":\"SearchAction\",\"target\":{\"@type\":\"EntryPoint\",\"urlTemplate\":\"https:\/\/www.buergerbuero-energiewende.de\/?s={search_term_string}\"},\"query-input\":{\"@type\":\"PropertyValueSpecification\",\"valueRequired\":true,\"valueName\":\"search_term_string\"}}],\"inLanguage\":\"de\"}]}<\/script>\n<!-- \/ Yoast SEO plugin. -->","yoast_head_json":{"title":"Infomarkt B\u00fcrgerdialog Stromnetz in Burgthann - B\u00fcrgerb\u00fcro Energiewende Altdorf","robots":{"index":"index","follow":"follow","max-snippet":"max-snippet:-1","max-image-preview":"max-image-preview:large","max-video-preview":"max-video-preview:-1"},"canonical":"https:\/\/www.buergerbuero-energiewende.de\/?page_id=313","og_locale":"de_DE","og_type":"article","og_title":"Infomarkt B\u00fcrgerdialog Stromnetz in Burgthann - B\u00fcrgerb\u00fcro Energiewende Altdorf","og_description":"Infomarkt B\u00fcrgerdialog Stromnetz in Burgthann -Wohnumfeld und GesundheitsschutzFoto von Markus Spiske auf UnsplashEin Veranstaltungsformat, das nun schon h\u00e4ufiger durchgef\u00fchrt wurde: Der B\u00fcrgerdialog Stromnetz lud zur B\u00fcrgerinformationsveranstaltung \u201eWohnumfeld- und Gesundheitsschutz\u201c ein. Dieses Veranstaltungsformat bietet B\u00fcrger:innen die Gelegenheit, sich aus erster Hand \u00fcber wichtige Themen rund um das Stromnetz und dessen Auswirkungen auf das Wohnumfeld zu informieren.\u00a0Nach [&hellip;]","og_url":"https:\/\/www.buergerbuero-energiewende.de\/?page_id=313","og_site_name":"B\u00fcrgerb\u00fcro Energiewende Altdorf","article_modified_time":"2026-03-11T12:38:17+00:00","twitter_card":"summary_large_image","schema":{"@context":"https:\/\/schema.org","@graph":[{"@type":"WebPage","@id":"https:\/\/www.buergerbuero-energiewende.de\/?page_id=313","url":"https:\/\/www.buergerbuero-energiewende.de\/?page_id=313","name":"Infomarkt B\u00fcrgerdialog Stromnetz in Burgthann - B\u00fcrgerb\u00fcro Energiewende Altdorf","isPartOf":{"@id":"https:\/\/www.buergerbuero-energiewende.de\/#website"},"datePublished":"2024-09-03T08:15:31+00:00","dateModified":"2026-03-11T12:38:17+00:00","breadcrumb":{"@id":"https:\/\/www.buergerbuero-energiewende.de\/?page_id=313#breadcrumb"},"inLanguage":"de","potentialAction":[{"@type":"ReadAction","target":["https:\/\/www.buergerbuero-energiewende.de\/?page_id=313"]}]},{"@type":"BreadcrumbList","@id":"https:\/\/www.buergerbuero-energiewende.de\/?page_id=313#breadcrumb","itemListElement":[{"@type":"ListItem","position":1,"name":"Startseite","item":"https:\/\/www.buergerbuero-energiewende.de\/"},{"@type":"ListItem","position":2,"name":"Aktuelles","item":"https:\/\/www.buergerbuero-energiewende.de\/?page_id=838"},{"@type":"ListItem","position":3,"name":"Infomarkt B\u00fcrgerdialog Stromnetz in Burgthann"}]},{"@type":"WebSite","@id":"https:\/\/www.buergerbuero-energiewende.de\/#website","url":"https:\/\/www.buergerbuero-energiewende.de\/","name":"B\u00fcrgerb\u00fcro Energiewende Altdorf","description":"","potentialAction":[{"@type":"SearchAction","target":{"@type":"EntryPoint","urlTemplate":"https:\/\/www.buergerbuero-energiewende.de\/?s={search_term_string}"},"query-input":{"@type":"PropertyValueSpecification","valueRequired":true,"valueName":"search_term_string"}}],"inLanguage":"de"}]}},"publishpress_future_action":{"enabled":false,"date":"2026-05-03 17:28:20","action":"change-status","newStatus":"draft","terms":[],"taxonomy":"","extraData":[]},"publishpress_future_workflow_manual_trigger":{"enabledWorkflows":[]},"_links":{"self":[{"href":"https:\/\/www.buergerbuero-energiewende.de\/index.php?rest_route=\/wp\/v2\/pages\/313","targetHints":{"allow":["GET"]}}],"collection":[{"href":"https:\/\/www.buergerbuero-energiewende.de\/index.php?rest_route=\/wp\/v2\/pages"}],"about":[{"href":"https:\/\/www.buergerbuero-energiewende.de\/index.php?rest_route=\/wp\/v2\/types\/page"}],"author":[{"embeddable":true,"href":"https:\/\/www.buergerbuero-energiewende.de\/index.php?rest_route=\/wp\/v2\/users\/1"}],"replies":[{"embeddable":true,"href":"https:\/\/www.buergerbuero-energiewende.de\/index.php?rest_route=%2Fwp%2Fv2%2Fcomments&post=313"}],"version-history":[{"count":4,"href":"https:\/\/www.buergerbuero-energiewende.de\/index.php?rest_route=\/wp\/v2\/pages\/313\/revisions"}],"predecessor-version":[{"id":474,"href":"https:\/\/www.buergerbuero-energiewende.de\/index.php?rest_route=\/wp\/v2\/pages\/313\/revisions\/474"}],"up":[{"embeddable":true,"href":"https:\/\/www.buergerbuero-energiewende.de\/index.php?rest_route=\/wp\/v2\/pages\/838"}],"wp:attachment":[{"href":"https:\/\/www.buergerbuero-energiewende.de\/index.php?rest_route=%2Fwp%2Fv2%2Fmedia&parent=313"}],"curies":[{"name":"wp","href":"https:\/\/api.w.org\/{rel}","templated":true}]}}